{"id":141,"date":"2020-07-30T13:51:02","date_gmt":"2020-07-30T13:51:02","guid":{"rendered":"https:\/\/erythritolshop.com\/?page_id=141"},"modified":"2021-01-15T15:00:17","modified_gmt":"2021-01-15T15:00:17","slug":"datenschutz-bestimmungen","status":"publish","type":"page","link":"https:\/\/erythritolshop.com\/de\/datenschutz-bestimmungen\/","title":{"rendered":"Datenschutz-Bestimmungen"},"content":{"rendered":"<h3>Datenschutz-Bestimmungen<\/h3>\n<p>&nbsp;<\/p>\n<p>Coffee Lovers Kft. (Sitz: 6720 Szeged, Tisza Lajos k\u00f6r\u00fat 14. I. em. 4. , Steuernummer: 25856279-2-06, Telefonnummer: 06703811178, E-Mail: info@coffeelovers.hu, unabh\u00e4ngig vertreten: Nagy M\u00e1rton G\u00e1bor, Name und Kontaktdaten des Gesch\u00e4ftsf\u00fchrers, Datenschutzbeauftragten \/ Ansprechpartners :), als Datenverantwortlicher, informiert Sie hiermit zusammenfassend und kurz \u00fcber die von ihm durchgef\u00fchrten Datenverwaltungsaktivit\u00e4ten sowie andere relevante Fakten.<\/p>\n<p>&nbsp;<\/p>\n<p>&nbsp;<\/p>\n<p>&nbsp;<\/p>\n<p>Der Datenverantwortliche macht die Interessenten darauf aufmerksam, dass<\/p>\n<p>&nbsp;<\/p>\n<p>&nbsp;<\/p>\n<p>&nbsp;<\/p>\n<p>die Rechte der betroffenen Personen (Recht auf Zugang, Recht auf Berichtigung, Recht auf L\u00f6schung und &#8222;Vergessen&#8220;, Recht auf Sperrung \/ Einschr\u00e4nkung von Daten, Recht auf Protest, Recht auf Daten\u00fcbertragbarkeit, Recht auf Widerruf der Einwilligung, siehe detaillierte Beschreibung der Rechte) am Ende des Prospekts), indem Sie eine Erkl\u00e4rung an die E-Mail-Adresse info@coffeelovers.hu oder an den Datenverantwortlichen senden, um weitere Kontaktdaten zu erhalten, sowie eine Beschwerde bei der Beh\u00f6rde einreichen (Kontaktdaten: siehe NAIH, www.naih.hu) und wenn sie der Ansicht sind, dass ihre Rechte verletzt wurden Sie k\u00f6nnen sich an das f\u00fcr ihren Wohnort zust\u00e4ndige Gericht wenden. Der f\u00fcr die Verarbeitung Verantwortliche macht die betroffenen Personen darauf aufmerksam, dass ihre Aus\u00fcbung von Rechten im Zusammenhang mit einer Datenverarbeitung Bedingungen und Einschr\u00e4nkungen aufweisen kann, die der f\u00fcr die Verarbeitung Verantwortliche im Falle der Aus\u00fcbung der Rechte der betroffenen Personen zu pr\u00fcfen hat. F\u00fcr den Fall, dass eine betroffene Person ihr Recht im Zusammenhang mit einer bestimmten Datenverarbeitung nicht aus\u00fcben kann, muss der f\u00fcr die Verarbeitung Verantwortliche die betroffene Person schriftlich (auch auf elektronischem Wege) \u00fcber die tats\u00e4chlichen und \/ oder rechtlichen Gr\u00fcnde informieren, die die Aus\u00fcbung des Rechts ausschlie\u00dfen \/ einschr\u00e4nken.<\/p>\n<p>&nbsp;<\/p>\n<p>&nbsp;<\/p>\n<p>Im Rahmen seiner Aufgaben im Zusammenhang mit dem IT-Schutz stellt der f\u00fcr die Verarbeitung Verantwortliche insbesondere Folgendes sicher:<\/p>\n<p>Verweigerung des Zugangs unbefugter Personen zu Datenverarbeitungsger\u00e4ten (im Folgenden als &#8222;Datenverwaltungssystem&#8220; bezeichnet),<\/p>\n<p>um das unbefugte Lesen, Kopieren, \u00c4ndern oder Entfernen von Datenmedien zu verhindern,<\/p>\n<p>um die unbefugte Eingabe personenbezogener Daten in das Datenverwaltungssystem und die unbefugte \u00dcberpr\u00fcfung, \u00c4nderung oder L\u00f6schung der darin gespeicherten personenbezogenen Daten zu verhindern,<\/p>\n<p>zur Verhinderung der Nutzung von Datenverarbeitungssystemen durch Unbefugte, die Datenkommunikationsger\u00e4te verwenden,<\/p>\n<p>Personen, die zur Nutzung des Datenverwaltungssystems berechtigt sind, haben nur Zugriff auf die in der Zugriffsberechtigung angegebenen personenbezogenen Daten.<\/p>\n<p>zu \u00fcberpr\u00fcfen und festzustellen, an welche Empf\u00e4nger personenbezogene Daten \u00fcber Datenkommunikationsger\u00e4te \u00fcbermittelt oder \u00fcbertragen wurden oder werden d\u00fcrfen<\/p>\n<p>wie Sie anschlie\u00dfend \u00fcberpr\u00fcfen und feststellen k\u00f6nnen, welche personenbezogenen Daten zu welchem \u200b\u200bZeitpunkt in das Datenverwaltungssystem eingegeben wurden<\/p>\n<p>zur Verhinderung der unbefugten Weitergabe, Vervielf\u00e4ltigung, \u00c4nderung oder L\u00f6schung personenbezogener Daten bei der \u00dcbermittlung personenbezogener Daten oder beim Transport von Datenmedien<\/p>\n<p>dass das Datenverwaltungssystem im Falle eines Ausfalls wiederhergestellt werden kann.<\/p>\n<p>dass das Datenverwaltungssystem funktionsf\u00e4hig ist, dass Fehler in seinem Betrieb gemeldet werden und dass die gespeicherten personenbezogenen Daten durch eine Fehlfunktion des Systems nicht ge\u00e4ndert werden k\u00f6nnen.<\/p>\n<p>&nbsp;<\/p>\n<p>Datenverarbeitungsvorgang an Dritte weitergegeben werden, der in den detaillierten Informationen zum Datenverarbeitungsvorgang anzugeben ist.<\/p>\n<p>&nbsp;<\/p>\n<p>&nbsp;<\/p>\n<p>Cookie-Informationen separat angegeben.<\/p>\n<p>&nbsp;<\/p>\n<p>&nbsp;<\/p>\n<p>Der Datenverantwortliche f\u00fchrt eine andere Datenverarbeitung durch, zu der Sie die relevanten Informationen in den Prospekten finden, die formal von diesem Prospekt getrennt sind.<\/p>\n<p>&nbsp;<\/p>\n<p>&nbsp;<\/p>\n<table>\n<tbody>\n<tr>\n<td colspan=\"7\" width=\"604\">\u00dcbersichtstabelle f\u00fcr die Verwaltung einmaliger Informationsanfragen und \u00dcbertragungsdaten<\/td>\n<\/tr>\n<tr>\n<td width=\"86\">Ziel<\/td>\n<td width=\"86\">Rechtsgrund<\/td>\n<td width=\"86\">Beteiligte<\/td>\n<td width=\"86\">Datenkategorie<\/td>\n<td width=\"86\">Dauer<\/td>\n<td width=\"86\">Art<\/td>\n<td width=\"86\">Quelle<\/td>\n<\/tr>\n<tr>\n<td width=\"86\">mit der betroffenen Person in Kontakt bleiben, Fragen, Anfragen und andere Probleme beantworten und l\u00f6sen<\/td>\n<td width=\"86\">freiwilliger Beitrag oder rechtliche Bindung. oder basierend auf einer Vereinbarung oder einem berechtigten Interesse oder einer gesetzlichen Verpflichtung oder einem vitalen Interesse<\/td>\n<td width=\"86\">Jede nat\u00fcrliche Person, einschlie\u00dflich einer nat\u00fcrlichen Person, die im Namen einer Organisation handelt und zus\u00e4tzlich zu einer einzelnen Informationsanfrage in st\u00e4ndigem oder regelm\u00e4\u00dfigem Kontakt mit dem f\u00fcr die Datenverarbeitung Verantwortlichen steht<\/td>\n<td width=\"86\">Details finden Sie in den Datenverwaltun-<\/p>\n<p>gsinformationen \/ -beschreibungen<\/td>\n<td width=\"86\">bis das Ziel erreicht ist oder ein Antrag auf Stornierung gestellt wird, oder<\/p>\n<p>innerhalb der gesetzlich festgelegten Frist oder<\/p>\n<p>&nbsp;<\/p>\n<p>Verj\u00e4hrungsfrist oder bis zum Ende eines berechtigten Interesses<\/td>\n<td width=\"86\">elektronisch und \/ oder auf Papier manuell<\/td>\n<td width=\"86\">Beteiligte<\/td>\n<\/tr>\n<\/tbody>\n<\/table>\n<p>&nbsp;<\/p>\n<table>\n<tbody>\n<tr>\n<td colspan=\"7\" width=\"604\">\u00dcbersichtstabelle der Daten, die durch kontinuierlichen, regelm\u00e4\u00dfigen Kontakt mit der betroffenen Person verwaltet werden<\/td>\n<\/tr>\n<tr>\n<td width=\"86\">Ziel<\/td>\n<td width=\"86\">Rechtsgrund<\/td>\n<td width=\"86\">Beteiligte<\/td>\n<td width=\"86\">Datenkategorie<\/td>\n<td width=\"86\">Dauer<\/td>\n<td width=\"86\">Art<\/td>\n<td width=\"86\">Quelle<\/td>\n<\/tr>\n<tr>\n<td width=\"86\">mit der betroffenen Person in Kontakt bleiben, Fragen, Anfragen und andere Probleme beantworten und l\u00f6sen<\/td>\n<td width=\"86\">reiwilliger Beitrag oder rechtliche Bindung. oder basierend auf einer Vereinbarung oder einem berechtigten Interesse oder einer gesetzlichen Verpflichtung oder einem vitalen Interesse<\/td>\n<td width=\"86\">Jede nat\u00fcrliche Person, einschlie\u00dflich einer nat\u00fcrlichen Person, die im Namen einer Organisation handelt und zus\u00e4tzlich zu einer einzelnen Informationsanfrage in st\u00e4ndigem oder regelm\u00e4\u00dfigem Kontakt mit dem f\u00fcr die Datenverarbeitung Verantwortlichen steht<\/td>\n<td width=\"86\">Details finden Sie in den Datenverwaltungsinformationen \/ -beschreibungen<\/td>\n<td width=\"86\">bis der Zweck erreicht ist oder ein Antrag auf Stornierung gestellt wird, oder<\/p>\n<p>innerhalb der gesetzlich festgelegten Frist oder<\/p>\n<p>&nbsp;<\/p>\n<p>Verj\u00e4hrungsfrist oder bis zum Ende eines berechtigten Interesses<\/td>\n<td width=\"86\">elektronisch und \/ oder auf Papier, typischerweise elektronisch, manuell<\/td>\n<td width=\"86\">Beteiligte<\/td>\n<\/tr>\n<\/tbody>\n<\/table>\n<p>&nbsp;<\/p>\n<table>\n<tbody>\n<tr>\n<td colspan=\"7\" width=\"604\">\u00dcbersichtstabelle der Datenverwaltung in Bezug auf die Ausschreibung der betroffenen Person und die Ausschreibung des f\u00fcr die Verarbeitung Verantwortlichen<\/td>\n<\/tr>\n<tr>\n<td width=\"86\">Ziel<\/td>\n<td width=\"86\">Ziel<\/td>\n<td width=\"86\">Ziel<\/td>\n<td width=\"86\">Ziel<\/td>\n<td width=\"86\">Ziel<\/td>\n<td width=\"86\">Ziel<\/td>\n<td width=\"86\">Ziel<\/td>\n<\/tr>\n<tr>\n<td width=\"86\">Bereitstellung eines geeigneten Angebots und Kontakts f\u00fcr die betroffene Person<\/td>\n<td width=\"86\">Bereitstellung eines geeigneten Angebots und Kontakts f\u00fcr die betroffene Person<\/td>\n<td width=\"86\">Bereitstellung eines geeigneten Angebots und Kontakts f\u00fcr die betroffene Person<\/td>\n<td width=\"86\">Bereitstellung eines geeigneten Angebots und Kontakts f\u00fcr die betroffene Person<\/td>\n<td width=\"86\">Bereitstellung eines geeigneten Angebots und Kontakts f\u00fcr die betroffene Person<\/td>\n<td width=\"86\">Bereitstellung eines geeigneten Angebots und Kontakts f\u00fcr die betroffene Person<\/td>\n<td width=\"86\">Bereitstellung eines geeigneten Angebots und Kontakts f\u00fcr die betroffene Person<\/td>\n<\/tr>\n<\/tbody>\n<\/table>\n<p>&nbsp;<\/p>\n<p>&nbsp;<\/p>\n<p>&nbsp;<\/p>\n<table>\n<tbody>\n<tr>\n<td colspan=\"7\" width=\"604\">\u00dcbersichtstabelle des Datenmanagements zum Abschluss einer Vereinbarung<\/td>\n<\/tr>\n<tr>\n<td width=\"86\">Ziel<\/td>\n<td width=\"86\">Rechtgrund<\/td>\n<td width=\"86\">Beteiligte<\/td>\n<td width=\"86\">Datenkategorie<\/td>\n<td width=\"86\">Dauer<\/td>\n<td width=\"86\">Art<\/td>\n<td width=\"86\">Quelle<\/td>\n<\/tr>\n<tr>\n<td width=\"86\">Abschluss und Erf\u00fcllung der Vereinbarung, \u00dcberwachung ihrer Erf\u00fcllung, Kontaktaufnahme<\/td>\n<td width=\"86\">Abschluss einer Vereinbarung (DSGVO Artikel 6 1. b.)<\/p>\n<p>Die Verarbeitung der Kontaktdaten des Vertreters beruht auf einem berechtigten Interesse<\/td>\n<td width=\"86\">Alle nat\u00fcrlichen Personen sowie nat\u00fcrliche Personen, die im Namen der Organisation handeln und diese vertreten und zus\u00e4tzlich zur Bereitstellung personenbezogener Daten eine Vereinbarung mit dem f\u00fcr die Datenverarbeitung Verantwortlichen in eigenem Namen schlie\u00dfen oder im Vertrag als Vertreter oder Ansprechpartner vertreten sind<\/td>\n<td width=\"86\">Details finden Sie in den Datenverwaltun-gsinformationen \/ -beschreibungen<\/td>\n<td width=\"86\">8 Jahre oder einen in der Vereinbarung festgelegten Zeitraum oder<\/p>\n<p>&nbsp;<\/p>\n<p>Es kann nicht verworfen werden, daher kann es nicht gel\u00f6scht werden<\/td>\n<td width=\"86\">elektronisch und \/ oder auf Papier manuell<\/td>\n<td width=\"86\">Beteiligte<\/td>\n<\/tr>\n<\/tbody>\n<\/table>\n<p>&nbsp;<\/p>\n<table>\n<tbody>\n<tr>\n<td colspan=\"7\" width=\"604\">\u00dcbersichtstabelle der Datenverwaltung f\u00fcr Terminverwaltung (Terminbuchung)<\/td>\n<\/tr>\n<tr>\n<td width=\"86\">Ziel<\/td>\n<td width=\"86\">Rechtsgrund<\/td>\n<td width=\"86\">Beteiligte<\/td>\n<td width=\"86\">Datenkategorie<\/td>\n<td width=\"86\">Dauer<\/td>\n<td width=\"86\">Art<\/td>\n<td width=\"86\">Quelle<\/td>\n<\/tr>\n<tr>\n<td width=\"86\">Angabe eines Datums und eines Kontakts f\u00fcr die betroffene Person<\/td>\n<td width=\"86\">basiert auf freiwilliger Zustimmung oder, falls gesetzlich vorgeschrieben, auf einer gesetzlichen Verpflichtung<\/td>\n<td width=\"86\">Jede nat\u00fcrliche Person, einschlie\u00dflich einer nat\u00fcrlichen Person, die im Namen einer Organisation handelt und einen Termin \/ eine Vereinbarung unter Angabe ihrer Daten trifft<\/td>\n<td width=\"86\">Details finden Sie in den Datenverwaltungsinformationen \/ -beschreibungen<\/td>\n<td width=\"86\">bis zur Erreichung des Ziels oder der allgemeinen Verj\u00e4hrungsfrist oder bis zum Bestehen eines berechtigten Interesses<\/td>\n<td width=\"86\">elektronisch und \/ oder auf Papier manuell<\/td>\n<td width=\"86\">Beteiligte<\/td>\n<\/tr>\n<\/tbody>\n<\/table>\n<p>&nbsp;<\/p>\n<p>&nbsp;<\/p>\n<table>\n<tbody>\n<tr>\n<td colspan=\"7\" width=\"604\">\u00dcbersichtstabelle der Datenverwaltung in Bezug auf Beitr\u00e4ge<\/td>\n<\/tr>\n<tr>\n<td width=\"86\">Ziel<\/td>\n<td width=\"86\">Rechtsgrund<\/td>\n<td width=\"86\">Beteiligte<\/td>\n<td width=\"86\">Datenkategorie<\/td>\n<td width=\"86\">Dauer<\/td>\n<td width=\"86\">Quelle<\/td>\n<td width=\"86\"><\/td>\n<\/tr>\n<tr>\n<td width=\"86\">die Nachweisbarkeit der Rechtsgrundlage f\u00fcr die Datenverarbeitung und die Erf\u00fcllung der Einwilligung und des Kontakts.<\/td>\n<td width=\"86\">freiwillige Zustimmung<\/td>\n<td width=\"86\">Jede nat\u00fcrliche Person, die dem f\u00fcr die Verarbeitung Verantwortlichen eine Erkl\u00e4rung abgibt, in der sie der Verarbeitung ihrer Daten f\u00fcr einen beliebigen Zweck zustimmt<\/td>\n<td width=\"86\">Weitere Informationen finden Sie in den Datenverwaltungsinformationen.<\/td>\n<td width=\"86\">bis zum Widerruf \/ zur L\u00f6schung der Einwilligung<\/p>\n<p>Einverst\u00e4ndniserkl\u00e4rungen werden nach Ablauf der Verj\u00e4hrungsfrist nach dem Widerruf annulliert<\/td>\n<td width=\"86\">Beteiligte<\/td>\n<td width=\"86\"><\/td>\n<\/tr>\n<\/tbody>\n<\/table>\n<p>&nbsp;<\/p>\n<table>\n<tbody>\n<tr>\n<td colspan=\"7\" width=\"604\">Daten\u00fcbersichtstabelle f\u00fcr Beschwerden \/ Reklamationen<\/td>\n<\/tr>\n<tr>\n<td width=\"68\">Ziel<\/td>\n<td width=\"82\">Rechtsgrund<\/td>\n<td width=\"87\">Beteiligte<\/td>\n<td width=\"141\">Datenkategorie<\/td>\n<td width=\"113\">Dauer<\/td>\n<td width=\"63\">Art<\/td>\n<td width=\"50\">Quelle<\/td>\n<\/tr>\n<tr>\n<td width=\"68\">Identifizierung der betroffenen Person und der Beschwerde sowie Bearbeitung und Verbindung von Beschwerden<\/td>\n<td width=\"82\">Es beginnt mit einer freiwilligen Zustimmung, aber gem\u00e4\u00df Artikel 6 Absatz 1 Buchstabe c DSGVO ist die Verarbeitung erforderlich, um die gesetzliche Verpflichtung des f\u00fcr die Verarbeitung Verantwortlichen zu erf\u00fcllen<\/td>\n<td width=\"87\">Jede nat\u00fcrliche Person, die eine Beschwerde bez\u00fcglich des verwendeten Dienstes, des gekauften Produkts und \/ oder des Verhaltens, der Aktivit\u00e4t oder des Vers\u00e4umnisses des f\u00fcr die Datenverarbeitung Verantwortlichen einreicht<\/td>\n<td width=\"141\">Details finden Sie in den Datenverwaltungsinformationen \/ -beschreibungen.<\/td>\n<td width=\"113\">Der f\u00fcr die Verarbeitung Verantwortliche verarbeitet die Aufzeichnung der Beschwerde und eine Kopie der Antwort 5 Jahre ab dem Datum ihrer Aufzeichnung gem\u00e4\u00df dem Verbraucherschutzgesetz.<\/td>\n<td width=\"63\">elektronisch und \/ oder auf Papier manuell<\/td>\n<td width=\"50\">Beteiligte<\/td>\n<\/tr>\n<\/tbody>\n<\/table>\n<p>&nbsp;<\/p>\n<p>&nbsp;<\/p>\n<table>\n<tbody>\n<tr>\n<td colspan=\"7\" width=\"604\">\u00dcbersichtstabelle der Datenverwaltung in Bezug auf das betroffene Register (Kunde und Partner)<\/td>\n<\/tr>\n<tr>\n<td width=\"86\">Ziel<\/td>\n<td width=\"86\">Rechtsgrund<\/td>\n<td width=\"86\">Beteiligte<\/td>\n<td width=\"86\">Datenkategorie<\/td>\n<td width=\"86\">Dauer<\/td>\n<td width=\"86\">Art<\/td>\n<td width=\"86\">Quelle<\/td>\n<\/tr>\n<tr>\n<td width=\"86\">Identifizierung der betroffenen Person, Kontakt mit ihr \/ ihm, \u00dcberwachung der Erf\u00fcllung der Vereinbarung (falls relevant)<\/td>\n<td width=\"86\">Sie basieren auf einer Vereinbarung<\/p>\n<p>rechtlich verbindlich. basierend auf einem notwendigen oder berechtigten Interesse an der Leistung von<\/td>\n<td width=\"86\">Vertreter aller nat\u00fcrlichen und nicht nat\u00fcrlichen Personen, die Partner \/ Kunde oder Partner \/ Kunde des Datenverantwortlichen sein m\u00f6chten<\/td>\n<td width=\"86\">Details finden Sie in den Datenverwaltungsinformationen \/ -beschreibungen<\/td>\n<td width=\"86\">auf Antrag der betroffenen Person bis zur Stornierung,<\/p>\n<p>bis zum L\u00f6schen aufgrund eines Fehlers bei der Datenabstimmung,<\/p>\n<p>&nbsp;<\/p>\n<p>bis zum Tod der betroffenen Person,<\/p>\n<p>&nbsp;<\/p>\n<p>Wenn dies aufgrund des Interesses des f\u00fcr die Verarbeitung Verantwortlichen erforderlich ist, dauert es so lange, bis das Interesse aufh\u00f6rt.<\/p>\n<p>&nbsp;<\/p>\n<p>Der Datenverantwortliche kann das Register als dauerhaft deklarieren, daher k\u00f6nnen die darin enthaltenen Daten nicht gel\u00f6scht werden<\/td>\n<td width=\"86\">elektronisch (auf Papierbasis), manuell<\/td>\n<td width=\"86\">Stakeholder, m\u00f6glicherweise ein Partner<\/td>\n<\/tr>\n<\/tbody>\n<\/table>\n<p>&nbsp;<\/p>\n<table>\n<tbody>\n<tr>\n<td colspan=\"7\" width=\"604\">\u00dcbersichtstabelle der Datenkommunikation (an Dritte)<\/td>\n<\/tr>\n<tr>\n<td width=\"86\">Ziel<\/td>\n<td width=\"86\">Rechtsgrund<\/td>\n<td width=\"86\">Beteiligte<\/td>\n<td width=\"86\">Datenkategorie<\/td>\n<td width=\"86\">Dauer<\/td>\n<td width=\"86\">Art<\/td>\n<td width=\"86\">Quelle<\/td>\n<\/tr>\n<tr>\n<td width=\"86\">eigenes Ziel<\/td>\n<td width=\"86\">Zustimmung, Erf\u00fcllung einer gesetzlichen Verpflichtung, Vereinbarung, berechtigtes Interesse<\/td>\n<td width=\"86\">Jede nat\u00fcrliche Person, einschlie\u00dflich einer nat\u00fcrlichen Person, die im Namen einer Organisation handelt und deren Daten vom Datenverantwortlichen an Dritte weitergegeben werden<\/td>\n<td width=\"86\">Details finden Sie in den Datenverwaltungsinformationen \/ -beschreibungen.<\/td>\n<td width=\"86\">Bis das Ziel erreicht oder abgelaufen ist oder bis die gesetzlich festgelegte Frist oder die Beendigung eines berechtigten Interesses endet<\/td>\n<td width=\"86\">Dies erfolgt elektronisch und \/ oder auf Papier manuell unter Einhaltung der Datensicherheitsanforderungen und des Grundsatzes der Vertraulichkeit<\/td>\n<td width=\"86\">Beteiligte, Datenverarbeitung, \u00f6ffentliches Register<\/td>\n<\/tr>\n<\/tbody>\n<\/table>\n<p>&nbsp;<\/p>\n<table>\n<tbody>\n<tr>\n<td colspan=\"7\" width=\"604\">\u00dcbersichtstabelle zur Datenverwaltung im Zusammenhang mit der Registrierung auf der Websiten <a href=\"https:\/\/coffeetry.hu\/\">https:\/\/coffeetry.hu\/<\/a>, https:\/\/coffeelovers.hu\/<\/td>\n<\/tr>\n<tr>\n<td width=\"96\">Ziel<\/td>\n<td width=\"69\">Rechtsgrund<\/td>\n<td width=\"99\">Beteiligte<\/td>\n<td width=\"100\">Datenkategorie<\/td>\n<td width=\"72\">Dauer<\/td>\n<td width=\"112\">Art<\/td>\n<td width=\"56\">Quelle<\/td>\n<\/tr>\n<tr>\n<td width=\"96\">Aufzeichnung der Daten der betroffenen Person, Gew\u00e4hrung, Validierung und Kontrolle ihrer Rechte, Vorteile, Zugang, Erleichterung der Nutzung der Dienste und Kontaktaufnahme<\/td>\n<td width=\"69\">freiwilliger Beitrag<\/td>\n<td width=\"99\">Alle nat\u00fcrlichen Personen, die sich freiwillig auf der Website des f\u00fcr die Verarbeitung Verantwortlichen registrieren, indem sie ihre pers\u00f6nlichen Daten angeben<\/td>\n<td width=\"100\">Informationen zur Website und zum Datenmanagement finden Sie hier<\/td>\n<td width=\"72\">auf Antrag der betroffenen Person bis zur Stornierung oder zum Erl\u00f6schen des berechtigten Interesses<\/td>\n<td width=\"112\">elektronisch, manuelle Eingabe, automatisch Aufzeichnung in einem Registrierungssystem<\/td>\n<td width=\"56\">Beteiligte<\/td>\n<\/tr>\n<\/tbody>\n<\/table>\n<p>&nbsp;<\/p>\n<p>&nbsp;<\/p>\n<p>&nbsp;<\/p>\n<table>\n<tbody>\n<tr>\n<td colspan=\"7\" width=\"604\">\u00dcbersichtstabelle der Datenverwaltung des Logins zu https:\/\/coffeetry.hu\/, https:\/\/coffeelovers.hu\/<\/td>\n<\/tr>\n<tr>\n<td width=\"86\">Ziel<\/td>\n<td width=\"86\">Rechtsgrund<\/td>\n<td width=\"86\">Beteiligte<\/td>\n<td width=\"86\">Datenkategorie<\/td>\n<td width=\"86\">Dauer<\/td>\n<td width=\"86\">Art<\/td>\n<td width=\"86\">Quelle<\/td>\n<\/tr>\n<tr>\n<td width=\"86\">Identifizierung der Personen, die sich auf der Website anmelden, ihre Rechte sichern und sie \u00fcberpr\u00fcfen<\/td>\n<td width=\"86\">freiwilliger Beitrag<\/td>\n<td width=\"86\">Jede nat\u00fcrliche Person, die auf die Website des Datenverantwortlichen zugreift<\/td>\n<td width=\"86\">Details finden Sie in den Datenverwaltungsinformationen \/ -beschreibungen<\/td>\n<td width=\"86\">auf Antrag der betroffenen Person bis zur L\u00f6schung oder zum Verlust des berechtigten Interesses<\/td>\n<td width=\"86\">elektronisch, automatisch, \u00fcber einen geheimen Kanal<\/td>\n<td width=\"86\">Beteiligte<\/td>\n<\/tr>\n<\/tbody>\n<\/table>\n<p>&nbsp;<\/p>\n<p>&nbsp;<\/p>\n<table>\n<tbody>\n<tr>\n<td colspan=\"7\" width=\"604\">\u00dcbersichtstabelle der Datenverwaltung im Zusammenhang mit der Bestellung \u00fcber eine Website (Webshop)<\/td>\n<\/tr>\n<tr>\n<td width=\"86\">Ziel<\/td>\n<td width=\"86\">Rechstgrund<\/td>\n<td width=\"86\">Beteiligte<\/td>\n<td width=\"86\">Datenkategorie<\/td>\n<td width=\"86\">Dauer<\/td>\n<td width=\"86\">Art<\/td>\n<td width=\"86\">Quelle<\/td>\n<\/tr>\n<tr>\n<td width=\"86\">Bestellung aufgeben und in Kontakt bleiben<\/td>\n<td width=\"86\">Im Falle eines Verbrauchers beruhen die Vereinbarung und der Umgang mit Kontaktdaten auf einem berechtigten Interesse<\/td>\n<td width=\"86\">Jede nat\u00fcrliche Person, einschlie\u00dflich einer Kontaktperson, die im Namen einer Organisation handelt und ein Produkt (eine Dienstleistung) beim Datenverantwortlichen bestellt<\/td>\n<td width=\"86\">Details finden Sie in den Datenverwaltungsinformationen \/ -beschreibungen.<\/td>\n<td width=\"86\">Bis zur Ablehnung oder 8 Jahre, weil es die Grundlage eines Buchhaltungsbelegs bildet,<\/td>\n<td width=\"86\">Elektronisch, die Verarbeitung erfolgt manuell<\/td>\n<td width=\"86\">Beteiligte<\/td>\n<\/tr>\n<\/tbody>\n<\/table>\n<p>&nbsp;<\/p>\n<table>\n<tbody>\n<tr>\n<td colspan=\"7\" width=\"604\">\u00dcbersichtstabelle der Datenverwaltung zum Versenden eines Newsletters<\/td>\n<\/tr>\n<tr>\n<td width=\"86\">Ziel<\/td>\n<td width=\"86\">Rechtsgrund<\/td>\n<td width=\"86\">Beteiligte<\/td>\n<td width=\"86\">Datenkategorie<\/td>\n<td width=\"86\">Dauer<\/td>\n<td width=\"86\">Art<\/td>\n<td width=\"86\">Quelle<\/td>\n<\/tr>\n<tr>\n<td width=\"86\">vollst\u00e4ndige allgemeine oder personalisierte und regelm\u00e4\u00dfige Informationen des Empf\u00e4ngers \u00fcber die neuesten Aktionen, Ereignisse und Neuigkeiten des Datenverantwortlichen<\/td>\n<td width=\"86\">basierend auf freiwilligen Beitr\u00e4gen<\/td>\n<td width=\"86\">Alle nat\u00fcrlichen Personen, die regelm\u00e4\u00dfig \u00fcber Neuigkeiten, Werbeaktionen und Rabatte des Datenverantwortlichen informiert werden m\u00f6chten, abonnieren daher den Newsletter-Service unter Angabe ihrer pers\u00f6nlichen Daten<\/td>\n<td width=\"86\">Details finden Sie in den Datenverwaltungsinformationen \/ -beschreibungen<\/td>\n<td width=\"86\">Bis zum Abmelden<\/td>\n<td width=\"86\">elektronisch oder auf Papier manuell abonnieren<\/p>\n<p>elektronisch, automatisch senden<\/p>\n<p>&nbsp;<\/p>\n<p>elektronisch oder auf Papier manuell abbestellen.<\/td>\n<td width=\"86\">Beteiligte<\/td>\n<\/tr>\n<\/tbody>\n<\/table>\n<p>&nbsp;<\/p>\n<table>\n<tbody>\n<tr>\n<td colspan=\"7\" width=\"604\">\u00dcbersichtstabelle des Datenmanagements zur Messung der Kundenzufriedenheit<\/td>\n<\/tr>\n<tr>\n<td width=\"86\">Ziel<\/td>\n<td width=\"86\">Rechtsgrund<\/td>\n<td width=\"86\">Beteiligte<\/td>\n<td width=\"86\">Datenkategorie<\/td>\n<td width=\"86\">Dauer<\/td>\n<td width=\"86\">Art<\/td>\n<td width=\"86\">Quelle<\/td>\n<\/tr>\n<tr>\n<td width=\"86\">Verbesserung der Qualit\u00e4t von Dienstleistungen, Produkten, des Verhaltens des Datenverantwortlichen, Untersuchung m\u00f6glicher Beschwerden und Kontaktaufnahme<\/td>\n<td width=\"86\">Es ist ein berechtigtes Interesse des f\u00fcr die Verarbeitung Verantwortlichen, kann aber auch einen Beitrag leisten<\/td>\n<td width=\"86\">Jede nat\u00fcrliche Person, die im Rahmen des Qualit\u00e4tssicherungsprozesses des Datenverantwortlichen an der Messung der Kundenzufriedenheit teilnimmt<\/td>\n<td width=\"86\">Details finden Sie in den Datenverwaltungsinformationen \/ -beschreibungen<\/td>\n<td width=\"86\">Bis das Ziel erreicht ist, im Falle einer Beschwerde f\u00fcr 5 Jahre<\/td>\n<td width=\"86\">elektronisch und \/ oder auf Papier manuell<\/td>\n<td width=\"86\">eigenes Beteiligten-Register<\/td>\n<\/tr>\n<\/tbody>\n<\/table>\n<p>&nbsp;<\/p>\n<table>\n<tbody>\n<tr>\n<td colspan=\"7\" width=\"604\">\u00dcbersichtstabelle des Datenmanagements im Zusammenhang mit Marketing auf sozialen Websiten<\/td>\n<\/tr>\n<tr>\n<td width=\"86\">Ziel<\/td>\n<td width=\"86\">Rechtsgrund<\/td>\n<td width=\"86\">Beteiligte<\/td>\n<td width=\"86\">Datenkategorie<\/td>\n<td width=\"86\">Dauer<\/td>\n<td width=\"86\">Art<\/td>\n<td width=\"86\">Quelle<\/td>\n<\/tr>\n<tr>\n<td width=\"86\">Marketing vom Datenmanager<\/td>\n<td width=\"86\">freiwilliger Beitrag<\/td>\n<td width=\"86\">Personen, die freiwillig folgen, teilen, wie die soziale Website des Datenverantwortlichen oder die darauf enthaltenen Inhalte<\/td>\n<td width=\"86\">Details finden Sie in den Datenverwaltungsinformationen \/ -beschreibungen.<\/td>\n<td width=\"86\">auf Antrag der betroffenen Person bis zur Stornierung oder zum Erl\u00f6schen des berechtigten Interesses<\/td>\n<td width=\"86\">Dies erfolgt elektronisch manuell<\/td>\n<td width=\"86\">Beteiligte<\/td>\n<\/tr>\n<\/tbody>\n<\/table>\n<p>&nbsp;<\/p>\n<p>Rechte der betroffenen Person<\/p>\n<p>&nbsp;<\/p>\n<p>&nbsp;<\/p>\n<p>&nbsp;<\/p>\n<p>Zugangsrecht (Artikel 15 DSGVO)<\/p>\n<p>&nbsp;<\/p>\n<p>Die betroffene Person hat das Recht, vom f\u00fcr die Verarbeitung Verantwortlichen eine R\u00fcckmeldung dar\u00fcber zu erhalten, ob die Verarbeitung ihrer personenbezogenen Daten im Gange ist. Wenn eine solche Datenverarbeitung im Gange ist, hat sie das Recht, auf personenbezogene Daten und Informationen zu den Umst\u00e4nden der Datenverarbeitung zuzugreifen. Bei der \u00dcbermittlung personenbezogener Daten an ein Drittland oder an eine internationale Organisation ist die betroffene Person berechtigt, \u00fcber die entsprechenden Garantien f\u00fcr die \u00dcbermittlung gem\u00e4\u00df Artikel 46 informiert zu werden. Der f\u00fcr die Verarbeitung Verantwortliche stellt der betroffenen Person auf Anfrage der betroffenen Person eine Kopie der personenbezogenen Daten zur Verf\u00fcgung, die der Datenverarbeitung unterliegen.<\/p>\n<p>&nbsp;<\/p>\n<p>&nbsp;<\/p>\n<p>&nbsp;<\/p>\n<p>Widerrufsrecht (Artikel 7 DSGVO)<\/p>\n<p>&nbsp;<\/p>\n<p>Die betroffene Person hat das Recht, ihre Einwilligung jederzeit zu widerrufen. Der Widerruf der Einwilligung ber\u00fchrt nicht die Rechtm\u00e4\u00dfigkeit der Datenverarbeitung vor dem Widerruf.<\/p>\n<p>&nbsp;<\/p>\n<p>&nbsp;<\/p>\n<p>&nbsp;<\/p>\n<p>Recht auf Berichtigung (Artikel 16 DSGVO)<\/p>\n<p>&nbsp;<\/p>\n<p>Die betroffene Person hat das Recht, auf Ersuchen des f\u00fcr die Verarbeitung Verantwortlichen ungenaue personenbezogene Daten, die sie betreffen, unverz\u00fcglich zu korrigieren.<\/p>\n<p>&nbsp;<\/p>\n<p>&nbsp;<\/p>\n<p>&nbsp;<\/p>\n<p>Protestrecht (Artikel 21 DSGVO)<\/p>\n<p>&nbsp;<\/p>\n<p>Die betroffene Person hat das Recht, der Verarbeitung ihrer personenbezogenen Daten aus Gr\u00fcnden, die mit ihrer Situation zusammenh\u00e4ngen, jederzeit zu widersprechen. gegen seine Behandlung gem\u00e4\u00df Punkt (e) oder (f).<\/p>\n<p>&nbsp;<\/p>\n<p>In diesem Fall darf der f\u00fcr die Verarbeitung Verantwortliche die personenbezogenen Daten nicht weiter verarbeiten, es sei denn, er weist nach, dass die Datenverarbeitung aus legitimen Gr\u00fcnden gerechtfertigt ist, die Vorrang vor den Interessen, Rechten und Freiheiten der betroffenen Person haben.<\/p>\n<p>&nbsp;<\/p>\n<p>&nbsp;<\/p>\n<p>&nbsp;<\/p>\n<p>Recht zur Einschr\u00e4nkung der Datenverarbeitung (Artikel 18 DSGVO)<\/p>\n<p>&nbsp;<\/p>\n<p>Die betroffene Person hat das Recht, auf Ersuchen des f\u00fcr die Verarbeitung Verantwortlichen die Datenverarbeitung einzuschr\u00e4nken, wenn eine der in der DSGVO festgelegten Bedingungen erf\u00fcllt ist. In diesem Fall darf der f\u00fcr die Verarbeitung Verantwortliche keine anderen Vorg\u00e4nge als die Speicherung der Daten durchf\u00fchren.<\/p>\n<p>&nbsp;<\/p>\n<p>Wenn die betroffene Person der Datenverarbeitung widersprochen hat; In diesem Fall gilt die Beschr\u00e4nkung, solange festgestellt wird, ob die berechtigten Gr\u00fcnde des f\u00fcr die Verarbeitung Verantwortlichen Vorrang vor den berechtigten Gr\u00fcnden der betroffenen Person haben.<\/p>\n<p>&nbsp;<\/p>\n<p>&nbsp;<\/p>\n<p>&nbsp;<\/p>\n<p>Widerrufsrecht (Artikel 17 DSGVO)<\/p>\n<p>&nbsp;<\/p>\n<p>Die betroffene Person hat das Recht, den f\u00fcr die Verarbeitung Verantwortlichen unverz\u00fcglich personenbezogene Daten l\u00f6schen zu lassen, wenn die Datenverarbeitung keinen Zweck, keine widerrufene Einwilligung und keine andere Rechtsgrundlage hat, kein vorrangiger legitimer Grund f\u00fcr die Datenverarbeitung im Falle eines Protests vorliegt oder wenn die Daten rechtswidrig verarbeitet wurden. Die Daten m\u00fcssen gel\u00f6scht werden, um einer gesetzlichen Verpflichtung nachzukommen. Wenn der f\u00fcr die Verarbeitung Verantwortliche personenbezogene Daten offengelegt hat und diese l\u00f6schen muss, ergreift er unter Ber\u00fccksichtigung der verf\u00fcgbaren Technologie und der Kosten der Implementierung angemessene Schritte, einschlie\u00dflich technischer Ma\u00dfnahmen, um die f\u00fcr die Verarbeitung Verantwortlichen dar\u00fcber zu informieren, dass die betroffene Person sie dazu aufgefordert hat. L\u00f6schen von Links zu personenbezogenen Daten oder einer Kopie oder eines Duplikats dieser personenbezogenen Daten.<\/p>\n<p>&nbsp;<\/p>\n<p>&nbsp;<\/p>\n<p>&nbsp;<\/p>\n<p>Recht auf Daten\u00fcbertragbarkeit (Artikel 20 DSGVO)<\/p>\n<p>&nbsp;<\/p>\n<p>Die betroffene Person hat das Recht, die dem Datenverantwortlichen zur Verf\u00fcgung gestellten personenbezogenen Daten in einem strukturierten, weit verbreiteten maschinenlesbaren Format zu erhalten und diese Daten an einen anderen Datenverantwortlichen zu \u00fcbertragen, ohne von dem f\u00fcr die Verarbeitung Verantwortlichen behindert zu werden Ihnen personenbezogene Daten zur Verf\u00fcgung gestellt, wenn rechtliche Bedingungen vorliegen.<\/p>\n<p>&nbsp;<\/p>\n<p>&nbsp;<\/p>\n<p>&nbsp;<\/p>\n<p>Widerrufsrecht (Artikel 7 DSGVO)<\/p>\n<p>&nbsp;<\/p>\n<p>Die betroffene Person hat das Recht, ihre Einwilligung jederzeit zu widerrufen. Der Widerruf der Einwilligung ber\u00fchrt nicht die Rechtm\u00e4\u00dfigkeit der Datenverarbeitung vor dem Widerruf.<\/p>\n<p>&nbsp;<\/p>\n<p>&nbsp;<\/p>\n<p>&nbsp;<\/p>\n<p>Kontaktdaten der Beh\u00f6rde im Falle einer Beschwerde (Artikel 77 DSGVO):<\/p>\n<p>&nbsp;<\/p>\n<p>Nationale Beh\u00f6rde f\u00fcr Datenschutz und Informationsfreiheit<\/p>\n<p>&nbsp;<\/p>\n<p>Adresse: 1125 Budapest, Szil\u00e1gyi Erzs\u00e9bet Allee 22 \/ c<\/p>\n<p>&nbsp;<\/p>\n<p>Telefon: +36 (1) 391-1400<\/p>\n<p>&nbsp;<\/p>\n<p>Fax: +36 (1) 391-1410<\/p>\n<p>&nbsp;<\/p>\n<p>www: http:\/\/www.naih.hu<\/p>\n<p>&nbsp;<\/p>\n<p>E-Mail: ugyfelszolgalat@naih.hu<\/p>\n<p>&nbsp;<\/p>\n<p>&nbsp;<\/p>\n<p>&nbsp;<\/p>\n<p>Hier k\u00f6nnen Sie sich an das f\u00fcr Ihren Wohnort zust\u00e4ndige Gericht wenden: https:\/\/birosag.hu\/birosag-kereso<\/p>\n<p>&nbsp;<\/p>\n<p>&nbsp;<\/p>\n<p>&nbsp;<\/p>\n<p>Am 17. Februar 2020 geschlossen<\/p>\n<p>&nbsp;<\/p>\n<p>M\u00e1rton G\u00e1bor Nagy Gesch\u00e4ftsf\u00fchrer<\/p>\n","protected":false},"excerpt":{"rendered":"<p>Datenschutz-Bestimmungen &nbsp; Coffee Lovers Kft. (Sitz: 6720 Szeged, Tisza Lajos k\u00f6r\u00fat 14. I. em. 4. , Steuernummer: 25856279-2-06, Telefonnummer: 06703811178, E-Mail: info@coffeelovers.hu, unabh\u00e4ngig vertreten: Nagy M\u00e1rton G\u00e1bor, Name und Kontaktdaten&#8230;<\/p>\n","protected":false},"author":1,"featured_media":0,"parent":0,"menu_order":0,"comment_status":"closed","ping_status":"open","template":"","meta":{"footnotes":""},"class_list":["post-141","page","type-page","status-publish"],"yoast_head":"<!-- This site is optimized with the Yoast SEO plugin v24.0 - https:\/\/yoast.com\/wordpress\/plugins\/seo\/ -->\n<title>Datenschutz-Bestimmungen - Erythritol Shop<\/title>\n<meta name=\"description\" content=\"Datenschutz-Bestimmungen- Coffee Lovers Kft. (Sitz: 6720 Szeged, Tisza Lajos k\u00f6r\u00fat 14. I. em. 4. , Steuernummer: 25856279-2-06,\" \/>\n<meta name=\"robots\" content=\"index, follow, max-snippet:-1, max-image-preview:large, max-video-preview:-1\" \/>\n<link rel=\"canonical\" href=\"https:\/\/erythritolshop.com\/de\/datenschutz-bestimmungen\/\" \/>\n<meta property=\"og:locale\" content=\"de_DE\" \/>\n<meta property=\"og:type\" content=\"article\" \/>\n<meta property=\"og:title\" content=\"Datenschutz-Bestimmungen - Erythritol Shop\" \/>\n<meta property=\"og:description\" content=\"Datenschutz-Bestimmungen- Coffee Lovers Kft. (Sitz: 6720 Szeged, Tisza Lajos k\u00f6r\u00fat 14. I. em. 4. , Steuernummer: 25856279-2-06,\" \/>\n<meta property=\"og:url\" content=\"https:\/\/erythritolshop.com\/de\/datenschutz-bestimmungen\/\" \/>\n<meta property=\"og:site_name\" content=\"Erythritol Shop\" \/>\n<meta property=\"article:modified_time\" content=\"2021-01-15T15:00:17+00:00\" \/>\n<meta name=\"twitter:card\" content=\"summary_large_image\" \/>\n<meta name=\"twitter:label1\" content=\"Gesch\u00e4tzte Lesezeit\" \/>\n\t<meta name=\"twitter:data1\" content=\"14\u00a0Minuten\" \/>\n<script type=\"application\/ld+json\" class=\"yoast-schema-graph\">{\"@context\":\"https:\/\/schema.org\",\"@graph\":[{\"@type\":\"WebPage\",\"@id\":\"https:\/\/erythritolshop.com\/de\/datenschutz-bestimmungen\/\",\"url\":\"https:\/\/erythritolshop.com\/de\/datenschutz-bestimmungen\/\",\"name\":\"Datenschutz-Bestimmungen - Erythritol Shop\",\"isPartOf\":{\"@id\":\"https:\/\/erythritolshop.com\/de\/#website\"},\"datePublished\":\"2020-07-30T13:51:02+00:00\",\"dateModified\":\"2021-01-15T15:00:17+00:00\",\"description\":\"Datenschutz-Bestimmungen- Coffee Lovers Kft. (Sitz: 6720 Szeged, Tisza Lajos k\u00f6r\u00fat 14. I. em. 4. , Steuernummer: 25856279-2-06,\",\"breadcrumb\":{\"@id\":\"https:\/\/erythritolshop.com\/de\/datenschutz-bestimmungen\/#breadcrumb\"},\"inLanguage\":\"de\",\"potentialAction\":[{\"@type\":\"ReadAction\",\"target\":[\"https:\/\/erythritolshop.com\/de\/datenschutz-bestimmungen\/\"]}]},{\"@type\":\"BreadcrumbList\",\"@id\":\"https:\/\/erythritolshop.com\/de\/datenschutz-bestimmungen\/#breadcrumb\",\"itemListElement\":[{\"@type\":\"ListItem\",\"position\":1,\"name\":\"Home\",\"item\":\"https:\/\/erythritolshop.com\/de\/\"},{\"@type\":\"ListItem\",\"position\":2,\"name\":\"Datenschutz-Bestimmungen\"}]},{\"@type\":\"WebSite\",\"@id\":\"https:\/\/erythritolshop.com\/de\/#website\",\"url\":\"https:\/\/erythritolshop.com\/de\/\",\"name\":\"Erythritol Shop\",\"description\":\"A unique novelty in the world. Shaped ERYTHRITOL.\",\"potentialAction\":[{\"@type\":\"SearchAction\",\"target\":{\"@type\":\"EntryPoint\",\"urlTemplate\":\"https:\/\/erythritolshop.com\/de\/?s={search_term_string}\"},\"query-input\":{\"@type\":\"PropertyValueSpecification\",\"valueRequired\":true,\"valueName\":\"search_term_string\"}}],\"inLanguage\":\"de\"}]}<\/script>\n<!-- \/ Yoast SEO plugin. -->","yoast_head_json":{"title":"Datenschutz-Bestimmungen - Erythritol Shop","description":"Datenschutz-Bestimmungen- Coffee Lovers Kft. (Sitz: 6720 Szeged, Tisza Lajos k\u00f6r\u00fat 14. I. em. 4. , Steuernummer: 25856279-2-06,","robots":{"index":"index","follow":"follow","max-snippet":"max-snippet:-1","max-image-preview":"max-image-preview:large","max-video-preview":"max-video-preview:-1"},"canonical":"https:\/\/erythritolshop.com\/de\/datenschutz-bestimmungen\/","og_locale":"de_DE","og_type":"article","og_title":"Datenschutz-Bestimmungen - Erythritol Shop","og_description":"Datenschutz-Bestimmungen- Coffee Lovers Kft. (Sitz: 6720 Szeged, Tisza Lajos k\u00f6r\u00fat 14. I. em. 4. , Steuernummer: 25856279-2-06,","og_url":"https:\/\/erythritolshop.com\/de\/datenschutz-bestimmungen\/","og_site_name":"Erythritol Shop","article_modified_time":"2021-01-15T15:00:17+00:00","twitter_card":"summary_large_image","twitter_misc":{"Gesch\u00e4tzte Lesezeit":"14\u00a0Minuten"},"schema":{"@context":"https:\/\/schema.org","@graph":[{"@type":"WebPage","@id":"https:\/\/erythritolshop.com\/de\/datenschutz-bestimmungen\/","url":"https:\/\/erythritolshop.com\/de\/datenschutz-bestimmungen\/","name":"Datenschutz-Bestimmungen - Erythritol Shop","isPartOf":{"@id":"https:\/\/erythritolshop.com\/de\/#website"},"datePublished":"2020-07-30T13:51:02+00:00","dateModified":"2021-01-15T15:00:17+00:00","description":"Datenschutz-Bestimmungen- Coffee Lovers Kft. (Sitz: 6720 Szeged, Tisza Lajos k\u00f6r\u00fat 14. I. em. 4. , Steuernummer: 25856279-2-06,","breadcrumb":{"@id":"https:\/\/erythritolshop.com\/de\/datenschutz-bestimmungen\/#breadcrumb"},"inLanguage":"de","potentialAction":[{"@type":"ReadAction","target":["https:\/\/erythritolshop.com\/de\/datenschutz-bestimmungen\/"]}]},{"@type":"BreadcrumbList","@id":"https:\/\/erythritolshop.com\/de\/datenschutz-bestimmungen\/#breadcrumb","itemListElement":[{"@type":"ListItem","position":1,"name":"Home","item":"https:\/\/erythritolshop.com\/de\/"},{"@type":"ListItem","position":2,"name":"Datenschutz-Bestimmungen"}]},{"@type":"WebSite","@id":"https:\/\/erythritolshop.com\/de\/#website","url":"https:\/\/erythritolshop.com\/de\/","name":"Erythritol Shop","description":"A unique novelty in the world. Shaped ERYTHRITOL.","potentialAction":[{"@type":"SearchAction","target":{"@type":"EntryPoint","urlTemplate":"https:\/\/erythritolshop.com\/de\/?s={search_term_string}"},"query-input":{"@type":"PropertyValueSpecification","valueRequired":true,"valueName":"search_term_string"}}],"inLanguage":"de"}]}},"_links":{"self":[{"href":"https:\/\/erythritolshop.com\/de\/wp-json\/wp\/v2\/pages\/141","targetHints":{"allow":["GET"]}}],"collection":[{"href":"https:\/\/erythritolshop.com\/de\/wp-json\/wp\/v2\/pages"}],"about":[{"href":"https:\/\/erythritolshop.com\/de\/wp-json\/wp\/v2\/types\/page"}],"author":[{"embeddable":true,"href":"https:\/\/erythritolshop.com\/de\/wp-json\/wp\/v2\/users\/1"}],"replies":[{"embeddable":true,"href":"https:\/\/erythritolshop.com\/de\/wp-json\/wp\/v2\/comments?post=141"}],"version-history":[{"count":4,"href":"https:\/\/erythritolshop.com\/de\/wp-json\/wp\/v2\/pages\/141\/revisions"}],"predecessor-version":[{"id":397,"href":"https:\/\/erythritolshop.com\/de\/wp-json\/wp\/v2\/pages\/141\/revisions\/397"}],"wp:attachment":[{"href":"https:\/\/erythritolshop.com\/de\/wp-json\/wp\/v2\/media?parent=141"}],"curies":[{"name":"wp","href":"https:\/\/api.w.org\/{rel}","templated":true}]}}